{"id":1201,"date":"2015-03-20T12:09:37","date_gmt":"2015-03-20T11:09:37","guid":{"rendered":"http:\/\/corno.de\/oster\/?page_id=1201"},"modified":"2015-03-20T12:09:37","modified_gmt":"2015-03-20T11:09:37","slug":"1996-37-sommerkurs","status":"publish","type":"page","link":"https:\/\/robert-ostermeyer.de\/?page_id=1201","title":{"rendered":"1996 &#8211; 37. Sommerkurs"},"content":{"rendered":"<p>37. Internationaler Sommerkurs Junger Instrumentalisten 1996<\/p>\n<p>Violine<br \/>\nHelena Br\u00e4unicke<br \/>\nViktoria Frank<br \/>\nDorothea Gruppe<br \/>\nColette Merkel<br \/>\nPetra Olivova<br \/>\nStefan Neukamm<br \/>\nDiana Stepanaskas<br \/>\nAlmut Storch<br \/>\nCornelia Unger<br \/>\nSandra Zempel<\/p>\n<p>Fl\u00f6te<br \/>\nKatja Keller<br \/>\nMathias Kiesling<br \/>\nFreya Utta<br \/>\nVera Morche<\/p>\n<p>Oboe<br \/>\nGunter Brauer<br \/>\nAndrea M\u00fcller<br \/>\nAntje Rodenstein<br \/>\nBernd Schober<\/p>\n<p>Klarinette<br \/>\nAntje Gl\u00f6de<br \/>\nJan Hejbal<br \/>\nJan Spangenberg<\/p>\n<p>Viola<br \/>\nMichael Winkler<br \/>\nSaxophon<br \/>\nSusann Brinkmann<br \/>\nJulia Holz<\/p>\n<p>Cello<br \/>\nIlka Grie\u00dfer<br \/>\nSusanne Hans<br \/>\nClaudia Kuhlmann<br \/>\nRomy Nagy<br \/>\nEckart Schenck<br \/>\nKatharina Unger<\/p>\n<p>Fagott<br \/>\nStefanie Erdmann<br \/>\nChristoph Knitt<br \/>\nAmrei Liebold<\/p>\n<p>Horn<br \/>\nRobert Ostermeyer<br \/>\nKlaus Geyer<\/p>\n<p>Kontrabass<br \/>\nCarsten Hundt<br \/>\nLudek Zakopal<\/p>\n<p>Posaune<br \/>\nSteffen Wendlik<br \/>\nCarsten Meier<\/p>\n<p>Schlagzeug<br \/>\nJesper Boenigk<br \/>\nMarcel Richter<br \/>\nMichael Zukernik<\/p>\n<p>Cembalo<br \/>\nSusanne Herrmann<br \/>\nLydia Lehme<\/p>\n\n<div class=\"twitter-share\"><a href=\"https:\/\/twitter.com\/intent\/tweet?via=corno_de\" class=\"twitter-share-button external\" rel=\"nofollow\" target=\"_blank\">Twittern<\/a><\/div>\n","protected":false},"excerpt":{"rendered":"<p>37. Internationaler Sommerkurs Junger Instrumentalisten 1996 Violine Helena Br\u00e4unicke Viktoria Frank Dorothea Gruppe Colette Merkel Petra Olivova Stefan Neukamm Diana Stepanaskas Almut Storch Cornelia Unger Sandra Zempel Fl\u00f6te Katja Keller Mathias Kiesling Freya Utta Vera Morche Oboe Gunter Brauer Andrea M\u00fcller Antje Rodenstein Bernd Schober Klarinette Antje Gl\u00f6de Jan Hejbal Jan Spangenberg Viola Michael Winkler &hellip;<\/p>\n<p class=\"read-more\"> <a class=\"\" href=\"https:\/\/robert-ostermeyer.de\/?page_id=1201\"> <span class=\"screen-reader-text\">1996 &#8211; 37. Sommerkurs<\/span> Weiterlesen &raquo;<\/a><\/p>\n","protected":false},"author":1,"featured_media":0,"parent":15,"menu_order":14,"comment_status":"open","ping_status":"open","template":"","meta":{"site-sidebar-layout":"default","site-content-layout":"default","ast-global-header-display":"","ast-main-header-display":"","ast-hfb-above-header-display":"","ast-hfb-below-header-display":"","ast-hfb-mobile-header-display":"","site-post-title":"","ast-breadcrumbs-content":"","ast-featured-img":"","footer-sml-layout":"","theme-transparent-header-meta":"","adv-header-id-meta":"","stick-header-meta":"","header-above-stick-meta":"","header-main-stick-meta":"","header-below-stick-meta":"","ngg_post_thumbnail":0,"pgc_sgb_lightbox_settings":""},"wppr_data":[],"_links":{"self":[{"href":"https:\/\/robert-ostermeyer.de\/index.php?rest_route=\/wp\/v2\/pages\/1201"}],"collection":[{"href":"https:\/\/robert-ostermeyer.de\/index.php?rest_route=\/wp\/v2\/pages"}],"about":[{"href":"https:\/\/robert-ostermeyer.de\/index.php?rest_route=\/wp\/v2\/types\/page"}],"author":[{"embeddable":true,"href":"https:\/\/robert-ostermeyer.de\/index.php?rest_route=\/wp\/v2\/users\/1"}],"replies":[{"embeddable":true,"href":"https:\/\/robert-ostermeyer.de\/index.php?rest_route=%2Fwp%2Fv2%2Fcomments&post=1201"}],"version-history":[{"count":1,"href":"https:\/\/robert-ostermeyer.de\/index.php?rest_route=\/wp\/v2\/pages\/1201\/revisions"}],"predecessor-version":[{"id":1202,"href":"https:\/\/robert-ostermeyer.de\/index.php?rest_route=\/wp\/v2\/pages\/1201\/revisions\/1202"}],"up":[{"embeddable":true,"href":"https:\/\/robert-ostermeyer.de\/index.php?rest_route=\/wp\/v2\/pages\/15"}],"wp:attachment":[{"href":"https:\/\/robert-ostermeyer.de\/index.php?rest_route=%2Fwp%2Fv2%2Fmedia&parent=1201"}],"curies":[{"name":"wp","href":"https:\/\/api.w.org\/{rel}","templated":true}]}}