{"id":1205,"date":"2015-03-20T12:22:36","date_gmt":"2015-03-20T11:22:36","guid":{"rendered":"http:\/\/corno.de\/oster\/?page_id=1205"},"modified":"2015-03-20T12:22:36","modified_gmt":"2015-03-20T11:22:36","slug":"1997-38-sommerkurs","status":"publish","type":"page","link":"https:\/\/robert-ostermeyer.de\/?page_id=1205","title":{"rendered":"1997 &#8211; 38. Sommerkurs"},"content":{"rendered":"<p>38.Sommerkurs 1997<\/p>\n<p>Bassenge, Ulrike<br \/>\nBeyer, Christian &#8211; Viola<br \/>\nBorsch, Miriam<br \/>\nBreiter, Andrea &#8211; Horn<br \/>\nBungeroth, Martin<br \/>\nCzepluch, Mark<br \/>\nFrank, Viktoria &#8211; Violine<br \/>\nGloede, Antje &#8211; Klarinette<br \/>\nG\u00f6rting, Manuela<br \/>\nGrie\u00dfer, Ilka &#8211; Cello<br \/>\nHans, Susanne<br \/>\nHermann, Susanne &#8211; Cembalo<br \/>\nHoldgr\u00fcn, Holger &#8211; Oboe<br \/>\nHoyer, Helfried &#8211; Posaune<br \/>\nKeller, Katja &#8211; Fl\u00f6te<br \/>\nKiesling, Mathias &#8211; Fl\u00f6te<br \/>\nKlein, Christoph<br \/>\nKnitt, Christoph &#8211; Fagott<br \/>\nKuhlmann, Claudia &#8211; Cello<br \/>\nLattorf, Elisabeth<br \/>\nLeithold, Heike<br \/>\nMeinel, Alexander &#8211; Klavier<br \/>\nMorche, Vera &#8211; Blockfl\u00f6te<br \/>\nM\u00fcller, Michael<br \/>\nNoppes, Daniela<br \/>\nOstermeyer, Robert &#8211; Horn<br \/>\nRapsch, Kai<br \/>\nRintelmann, Yvonne<br \/>\nRichter. Marcel &#8211; Pauken<br \/>\nSchade, Bernd<br \/>\nScheuer, Maximilian<br \/>\nSchiller, Karin<br \/>\nSchlemmer, Clemens<br \/>\nSchulz, Sara<br \/>\nSchwarz, Marie<br \/>\nSeidenberg, Gideon &#8211; Horn<br \/>\nTaubert, Jan<br \/>\nUhle, Alexander<br \/>\nWendlik, Steffen &#8211; Posaune<br \/>\nWendt, Heide<br \/>\nZische, Bettina<br \/>\nZukernik, Michael<\/p>\n<p>Arnaudova, Roussalina &#8211; Violine<br \/>\nBachtik, Jiri<br \/>\nGladnischka, Emilia<br \/>\nKambourova, Maria<br \/>\nKodin, Elena<br \/>\nMitas, Karel &#8211; Violine<br \/>\nRaisova, Jitka<br \/>\nTesarova, Michaela &#8211; Viola<br \/>\nTomassini, Boriana<br \/>\nVaukova, Katerina<br \/>\nVelebova, Andrea<\/p>\n<p>Das Dozentenlager:<br \/>\nAndreas B\u00f6hlke &#8211; Horn<br \/>\nRaitscho Christov &#8211; Ensemble<br \/>\nHinnes Goudschaal &#8211; Cello<\/p>\n<p>Eckhard Kiesling &#8211; Violine<br \/>\nOliver Link &#8211; Klarinette<br \/>\nConrad Muck<br \/>\nJohannes Reiche &#8211; Ensemble+Klarinette<br \/>\nProf. Gernot Schulz &#8211; Dirigat + Pauken<br \/>\nAndreas Sommerfeld &#8211; Gesang<br \/>\nProf. Rudolf Zelenka &#8211; Cembalo<\/p>\n\n<div class=\"twitter-share\"><a href=\"https:\/\/twitter.com\/intent\/tweet?via=corno_de\" class=\"twitter-share-button external\" rel=\"nofollow\" target=\"_blank\">Twittern<\/a><\/div>\n","protected":false},"excerpt":{"rendered":"<p>38.Sommerkurs 1997 Bassenge, Ulrike Beyer, Christian &#8211; Viola Borsch, Miriam Breiter, Andrea &#8211; Horn Bungeroth, Martin Czepluch, Mark Frank, Viktoria &#8211; Violine Gloede, Antje &#8211; Klarinette G\u00f6rting, Manuela Grie\u00dfer, Ilka &#8211; Cello Hans, Susanne Hermann, Susanne &#8211; Cembalo Holdgr\u00fcn, Holger &#8211; Oboe Hoyer, Helfried &#8211; Posaune Keller, Katja &#8211; Fl\u00f6te Kiesling, Mathias &#8211; Fl\u00f6te Klein, &hellip;<\/p>\n<p class=\"read-more\"> <a class=\"\" href=\"https:\/\/robert-ostermeyer.de\/?page_id=1205\"> <span class=\"screen-reader-text\">1997 &#8211; 38. Sommerkurs<\/span> Weiterlesen &raquo;<\/a><\/p>\n","protected":false},"author":1,"featured_media":0,"parent":15,"menu_order":16,"comment_status":"open","ping_status":"open","template":"","meta":{"site-sidebar-layout":"default","site-content-layout":"default","ast-global-header-display":"","ast-main-header-display":"","ast-hfb-above-header-display":"","ast-hfb-below-header-display":"","ast-hfb-mobile-header-display":"","site-post-title":"","ast-breadcrumbs-content":"","ast-featured-img":"","footer-sml-layout":"","theme-transparent-header-meta":"","adv-header-id-meta":"","stick-header-meta":"","header-above-stick-meta":"","header-main-stick-meta":"","header-below-stick-meta":"","ngg_post_thumbnail":0,"pgc_sgb_lightbox_settings":""},"wppr_data":[],"_links":{"self":[{"href":"https:\/\/robert-ostermeyer.de\/index.php?rest_route=\/wp\/v2\/pages\/1205"}],"collection":[{"href":"https:\/\/robert-ostermeyer.de\/index.php?rest_route=\/wp\/v2\/pages"}],"about":[{"href":"https:\/\/robert-ostermeyer.de\/index.php?rest_route=\/wp\/v2\/types\/page"}],"author":[{"embeddable":true,"href":"https:\/\/robert-ostermeyer.de\/index.php?rest_route=\/wp\/v2\/users\/1"}],"replies":[{"embeddable":true,"href":"https:\/\/robert-ostermeyer.de\/index.php?rest_route=%2Fwp%2Fv2%2Fcomments&post=1205"}],"version-history":[{"count":1,"href":"https:\/\/robert-ostermeyer.de\/index.php?rest_route=\/wp\/v2\/pages\/1205\/revisions"}],"predecessor-version":[{"id":1206,"href":"https:\/\/robert-ostermeyer.de\/index.php?rest_route=\/wp\/v2\/pages\/1205\/revisions\/1206"}],"up":[{"embeddable":true,"href":"https:\/\/robert-ostermeyer.de\/index.php?rest_route=\/wp\/v2\/pages\/15"}],"wp:attachment":[{"href":"https:\/\/robert-ostermeyer.de\/index.php?rest_route=%2Fwp%2Fv2%2Fmedia&parent=1205"}],"curies":[{"name":"wp","href":"https:\/\/api.w.org\/{rel}","templated":true}]}}